{"id":39333,"date":"2025-06-12T13:56:25","date_gmt":"2025-06-12T13:56:25","guid":{"rendered":"https:\/\/portblue.wp1.rwdesarrollos.es\/?page_id=39333"},"modified":"2025-06-12T14:22:06","modified_gmt":"2025-06-12T14:22:06","slug":"double-deluxe-terrasse-jardin","status":"publish","type":"page","link":"https:\/\/portblue.wp1.rwdesarrollos.es\/fr\/hotels\/la-quinta-menorca-by-portblue-boutique\/chambres\/double-deluxe-terrasse-jardin\/","title":{"rendered":"Double Deluxe Terrasse Jardin"},"content":{"rendered":"\n\n\n\n\n<div class=\"wp-block-group section section_content section_pd-def-2 pb-none\"><div class=\"wp-block-group__inner-container is-layout-flow wp-block-group-is-layout-flow\">\n<div class=\"wp-block-group container dc-content dc-content_thm-3\"><div class=\"wp-block-group__inner-container is-layout-flow wp-block-group-is-layout-flow\">\n\n\n<h2 class=\"wp-block-heading has-text-align-center boutique-grey\">Double Deluxe Terrasse Jardin<\/h2>\n\n\n\n<h3 class=\"wp-block-heading has-text-align-center boutique-lightgrey\">Une oasis de d\u00e9tente et d&rsquo;intimit\u00e9<\/h3>\n<\/div><\/div>\n<\/div><\/div>\n\n\n\n<div class=\"wp-block-group section section_pt-def-3 section_pb-def-2\"><div class=\"wp-block-group__inner-container is-layout-flow wp-block-group-is-layout-flow\">\n<div class=\"wp-block-group\"><div class=\"wp-block-group__inner-container is-layout-flow wp-block-group-is-layout-flow\">\n\n\n<div class=\"wp-block-group container dc-content dc-content_thm-2 pt-6\"><div class=\"wp-block-group__inner-container is-layout-flow wp-block-group-is-layout-flow\">\n\n\n<ul class=\"list-wrap-1 wp-block-list\">\n<li>Climatisation<\/li>\n\n\n\n<li>Peignoir<\/li>\n\n\n\n<li>Am\u00e9nagements<\/li>\n\n\n\n<li>Salle de bain compl\u00e8te<\/li>\n\n\n\n<li>Coffre-fort<\/li>\n\n\n\n<li>Enceinte Bluetooth Marshall (HQ)<\/li>\n<\/ul>\n\n\n\n\n\n<ul class=\"list-wrap-1 wp-block-list\">\n<li>Chauffage<\/li>\n\n\n\n<li>Lit double<\/li>\n\n\n\n<li>Jardin<\/li>\n\n\n\n<li>Mini bar<\/li>\n\n\n\n<li>R\u00e9veil<\/li>\n<\/ul>\n\n\n\n\n\n<ul class=\"list-wrap-1 wp-block-list\">\n<li>T\u00e9l\u00e9phone<\/li>\n\n\n\n<li>Cadeau de bienvenue<\/li>\n\n\n\n<li>Cl\u00e9 magn\u00e9tique<\/li>\n\n\n\n<li>S\u00e8che-cheveux<\/li>\n\n\n\n<li>Balcon ou terrasse<\/li>\n<\/ul>\n\n\n\n\n\n<ul class=\"list-wrap-1 wp-block-list\">\n<li>T\u00e9l\u00e9vision plasma<\/li>\n\n\n\n<li>Ventilateur<\/li>\n\n\n\n<li>WIFI<\/li>\n\n\n\n<li>Th\u00e9i\u00e8re<\/li>\n\n\n\n<li>Menu oreiller<\/li>\n<\/ul>\n\n\n<\/div><\/div>\n<\/div><\/div>\n<\/div><\/div>\n\n\n\n<div class=\"wp-block-group section section_bg-1 section_pt-def-4 section_pd-def-4\"><div class=\"wp-block-group__inner-container is-layout-flow wp-block-group-is-layout-flow\">\n<div class=\"wp-block-group container dc-content dc-content_thm-2\"><div class=\"wp-block-group__inner-container is-layout-flow wp-block-group-is-layout-flow\">\n<h3 class=\"has-text-align-center wp-block-heading\">Nos chambres<\/h3>\n\n\n\n<p class=\"has-text-align-center wp-block-paragraph\"><\/p>\n\n\n\n\n\n<div class=\"wp-block-group text-center mt-4_1 mt-md-4_3\"><div class=\"wp-block-group__inner-container is-layout-flow wp-block-group-is-layout-flow\"><\/div><\/div>\n<\/div><\/div>\n<\/div><\/div>\n\n\n\n<div class=\"wp-block-group section_pd-def-2 section_pt-def-2\"><div class=\"wp-block-group__inner-container is-layout-flow wp-block-group-is-layout-flow\"><\/div><\/div>\n\n\n\n<div itemscope itemtype=\"http:\/\/schema.org\/Hotel\">\n\t<meta itemprop=\"name\" content=\"La Quinta Menorca By PortBlue Boutique\">\n\t<meta itemprop=\"url\" content=\"https:\/\/portblue.wp1.rwdesarrollos.es\/fr\/hotels\/la-quinta-menorca-by-portblue-boutique\/\">\n\t<meta itemprop=\"telephone\"content=\"+34 971 05 50 00\">\n\t<meta itemprop=\"email\" content=\"call-center@portblue.com\">\n\t<meta itemprop=\"hasMap\" content=\"https:\/\/www.google.com\/maps?cid=16590300768819566799\">\n\t<meta itemprop=\"priceRange\" content=\"Meilleur prix \u2714!\">\n\t<meta itemprop=\"description\" content=\"La Quinta Menorca by PortBlue Boutique est votre h\u00f4tel-boutique 5 \u00e9toiles \u00e0 Minorque. Un h\u00f4tel r\u00e9serv\u00e9 aux adultes, id\u00e9al pour les couples. R\u00e9servez ici !\">\n\t<meta itemprop=\"image\" content=\"https:\/\/www.portblue.com\/wp-content\/uploads\/2022\/06\/pool-16-la-quinta-menorca-by-portblue-boutique-hotel.jpg\">\n\t<meta itemprop=\"openingHours\" content=\"Lu,Ma,Me,Je,Ve,Sa,Di\">\n\t<meta itemprop=\"checkinTime\" content=\"14:00\">\n\t<meta itemprop=\"checkoutTime\" content=\"12:00\">\n\t<meta itemprop=\"starRating\" content=\"5*\">\n\t<meta itemprop=\"audience\" content=\"spa, boutique\">\n<\/div>\n<div itemprop=\"address\" itemscope itemtype=\"http:\/\/schema.org\/PostalAddress\">\n\t<meta itemprop=\"streetAddress\" content=\"Gran Via de Son Xoriguer\"\/>\n\t<meta itemprop=\"addressLocality\" content=\"Cala en Bosc, Minorque\"\/>\n\t<meta itemprop=\"addressRegion\" content=\"es\" \/>\n\t<meta itemprop=\"postalCode\" content=\"07769\"\/>\n<\/div>\n","protected":false},"excerpt":{"rendered":"<p>Double Deluxe Terrasse Jardin Une oasis de d\u00e9tente et d&rsquo;intimit\u00e9<\/p>\n","protected":false},"author":13,"featured_media":0,"parent":10890,"menu_order":3,"comment_status":"closed","ping_status":"closed","template":"","meta":{"_acf_changed":false,"inline_featured_image":false,"footnotes":""},"class_list":["post-39333","page","type-page","status-publish","hentry"],"acf":[],"yoast_head":"<!-- This site is optimized with the Yoast SEO plugin v28.3 - https:\/\/yoast.com\/product\/yoast-seo-wordpress\/ -->\n<title>Doble Terraza Jard\u00edn Deluxe \u00b7 La Quinta Menorca by PortBlue Boutique<\/title>\n<meta name=\"description\" content=\"L&#039;endroit id\u00e9al pour un couple. Le Double Deluxe Garden Terrace vous offre le repos que vous souhaitez avec une touche suppl\u00e9mentaire d&#039;exclusivit\u00e9. r\u00e9servez La Quinta Menorca by PortBlue Boutique maintenant \u2713 !\" \/>\n<meta name=\"robots\" content=\"noindex, follow, max-snippet:-1, max-image-preview:large, max-video-preview:-1\" \/>\n<meta property=\"og:locale\" content=\"fr_FR\" \/>\n<meta property=\"og:type\" content=\"article\" \/>\n<meta property=\"og:title\" content=\"Doble Terraza Jard\u00edn Deluxe \u00b7 La Quinta Menorca by PortBlue Boutique\" \/>\n<meta property=\"og:description\" content=\"L&#039;endroit id\u00e9al pour un couple. Le Double Deluxe Garden Terrace vous offre le repos que vous souhaitez avec une touche suppl\u00e9mentaire d&#039;exclusivit\u00e9. r\u00e9servez La Quinta Menorca by PortBlue Boutique maintenant \u2713 !\" \/>\n<meta property=\"og:url\" content=\"https:\/\/portblue.wp1.rwdesarrollos.es\/fr\/hotels\/la-quinta-menorca-by-portblue-boutique\/chambres\/double-deluxe-terrasse-jardin\/\" \/>\n<meta property=\"og:site_name\" content=\"PortBlue Hotels &amp; Resorts\" \/>\n<meta property=\"article:modified_time\" content=\"2025-06-12T14:22:06+00:00\" \/>\n<meta name=\"twitter:card\" content=\"summary_large_image\" \/>\n<script type=\"application\/ld+json\" class=\"yoast-schema-graph\">{\"@context\":\"https:\\\/\\\/schema.org\",\"@graph\":[{\"@type\":\"WebPage\",\"@id\":\"https:\\\/\\\/portblue.wp1.rwdesarrollos.es\\\/fr\\\/hotels\\\/la-quinta-menorca-by-portblue-boutique\\\/chambres\\\/double-deluxe-terrasse-jardin\\\/\",\"url\":\"https:\\\/\\\/portblue.wp1.rwdesarrollos.es\\\/fr\\\/hotels\\\/la-quinta-menorca-by-portblue-boutique\\\/chambres\\\/double-deluxe-terrasse-jardin\\\/\",\"name\":\"Doble Terraza Jard\u00edn Deluxe \u00b7 La Quinta Menorca by PortBlue Boutique\",\"isPartOf\":{\"@id\":\"https:\\\/\\\/portblue.wp1.rwdesarrollos.es\\\/fr\\\/#website\"},\"datePublished\":\"2025-06-12T13:56:25+00:00\",\"dateModified\":\"2025-06-12T14:22:06+00:00\",\"description\":\"L'endroit id\u00e9al pour un couple. Le Double Deluxe Garden Terrace vous offre le repos que vous souhaitez avec une touche suppl\u00e9mentaire d'exclusivit\u00e9. r\u00e9servez La Quinta Menorca by PortBlue Boutique maintenant \u2713 !\",\"breadcrumb\":{\"@id\":\"https:\\\/\\\/portblue.wp1.rwdesarrollos.es\\\/fr\\\/hotels\\\/la-quinta-menorca-by-portblue-boutique\\\/chambres\\\/double-deluxe-terrasse-jardin\\\/#breadcrumb\"},\"inLanguage\":\"fr-FR\",\"potentialAction\":[{\"@type\":\"ReadAction\",\"target\":[\"https:\\\/\\\/portblue.wp1.rwdesarrollos.es\\\/fr\\\/hotels\\\/la-quinta-menorca-by-portblue-boutique\\\/chambres\\\/double-deluxe-terrasse-jardin\\\/\"]}]},{\"@type\":\"BreadcrumbList\",\"@id\":\"https:\\\/\\\/portblue.wp1.rwdesarrollos.es\\\/fr\\\/hotels\\\/la-quinta-menorca-by-portblue-boutique\\\/chambres\\\/double-deluxe-terrasse-jardin\\\/#breadcrumb\",\"itemListElement\":[{\"@type\":\"ListItem\",\"position\":1,\"name\":\"Home\",\"item\":\"https:\\\/\\\/portblue.wp1.rwdesarrollos.es\\\/fr\\\/\"},{\"@type\":\"ListItem\",\"position\":2,\"name\":\"H\u00f4tels\",\"item\":\"https:\\\/\\\/portblue.wp1.rwdesarrollos.es\\\/fr\\\/hotels\\\/\"},{\"@type\":\"ListItem\",\"position\":3,\"name\":\"La Quinta Menorca by PortBlue Boutique\",\"item\":\"https:\\\/\\\/portblue.wp1.rwdesarrollos.es\\\/fr\\\/hotels\\\/la-quinta-menorca-by-portblue-boutique\\\/\"},{\"@type\":\"ListItem\",\"position\":4,\"name\":\"Chambres\",\"item\":\"https:\\\/\\\/portblue.wp1.rwdesarrollos.es\\\/fr\\\/hotels\\\/la-quinta-menorca-by-portblue-boutique\\\/chambres\\\/\"},{\"@type\":\"ListItem\",\"position\":5,\"name\":\"Double Deluxe Terrasse Jardin\"}]},{\"@type\":\"WebSite\",\"@id\":\"https:\\\/\\\/portblue.wp1.rwdesarrollos.es\\\/fr\\\/#website\",\"url\":\"https:\\\/\\\/portblue.wp1.rwdesarrollos.es\\\/fr\\\/\",\"name\":\"PortBlue Hotels &amp; Resorts\",\"description\":\"PortBlue Hotel Group es tu cadena de hoteles boutique en destinos ideales para escapadas y vacaciones.\",\"potentialAction\":[{\"@type\":\"SearchAction\",\"target\":{\"@type\":\"EntryPoint\",\"urlTemplate\":\"https:\\\/\\\/portblue.wp1.rwdesarrollos.es\\\/fr\\\/?s={search_term_string}\"},\"query-input\":{\"@type\":\"PropertyValueSpecification\",\"valueRequired\":true,\"valueName\":\"search_term_string\"}}],\"inLanguage\":\"fr-FR\"}]}<\/script>\n<!-- \/ Yoast SEO plugin. -->","yoast_head_json":{"title":"Doble Terraza Jard\u00edn Deluxe \u00b7 La Quinta Menorca by PortBlue Boutique","description":"L'endroit id\u00e9al pour un couple. Le Double Deluxe Garden Terrace vous offre le repos que vous souhaitez avec une touche suppl\u00e9mentaire d'exclusivit\u00e9. r\u00e9servez La Quinta Menorca by PortBlue Boutique maintenant \u2713 !","robots":{"index":"noindex","follow":"follow","max-snippet":"max-snippet:-1","max-image-preview":"max-image-preview:large","max-video-preview":"max-video-preview:-1"},"og_locale":"fr_FR","og_type":"article","og_title":"Doble Terraza Jard\u00edn Deluxe \u00b7 La Quinta Menorca by PortBlue Boutique","og_description":"L'endroit id\u00e9al pour un couple. Le Double Deluxe Garden Terrace vous offre le repos que vous souhaitez avec une touche suppl\u00e9mentaire d'exclusivit\u00e9. r\u00e9servez La Quinta Menorca by PortBlue Boutique maintenant \u2713 !","og_url":"https:\/\/portblue.wp1.rwdesarrollos.es\/fr\/hotels\/la-quinta-menorca-by-portblue-boutique\/chambres\/double-deluxe-terrasse-jardin\/","og_site_name":"PortBlue Hotels &amp; Resorts","article_modified_time":"2025-06-12T14:22:06+00:00","twitter_card":"summary_large_image","schema":{"@context":"https:\/\/schema.org","@graph":[{"@type":"WebPage","@id":"https:\/\/portblue.wp1.rwdesarrollos.es\/fr\/hotels\/la-quinta-menorca-by-portblue-boutique\/chambres\/double-deluxe-terrasse-jardin\/","url":"https:\/\/portblue.wp1.rwdesarrollos.es\/fr\/hotels\/la-quinta-menorca-by-portblue-boutique\/chambres\/double-deluxe-terrasse-jardin\/","name":"Doble Terraza Jard\u00edn Deluxe \u00b7 La Quinta Menorca by PortBlue Boutique","isPartOf":{"@id":"https:\/\/portblue.wp1.rwdesarrollos.es\/fr\/#website"},"datePublished":"2025-06-12T13:56:25+00:00","dateModified":"2025-06-12T14:22:06+00:00","description":"L'endroit id\u00e9al pour un couple. Le Double Deluxe Garden Terrace vous offre le repos que vous souhaitez avec une touche suppl\u00e9mentaire d'exclusivit\u00e9. r\u00e9servez La Quinta Menorca by PortBlue Boutique maintenant \u2713 !","breadcrumb":{"@id":"https:\/\/portblue.wp1.rwdesarrollos.es\/fr\/hotels\/la-quinta-menorca-by-portblue-boutique\/chambres\/double-deluxe-terrasse-jardin\/#breadcrumb"},"inLanguage":"fr-FR","potentialAction":[{"@type":"ReadAction","target":["https:\/\/portblue.wp1.rwdesarrollos.es\/fr\/hotels\/la-quinta-menorca-by-portblue-boutique\/chambres\/double-deluxe-terrasse-jardin\/"]}]},{"@type":"BreadcrumbList","@id":"https:\/\/portblue.wp1.rwdesarrollos.es\/fr\/hotels\/la-quinta-menorca-by-portblue-boutique\/chambres\/double-deluxe-terrasse-jardin\/#breadcrumb","itemListElement":[{"@type":"ListItem","position":1,"name":"Home","item":"https:\/\/portblue.wp1.rwdesarrollos.es\/fr\/"},{"@type":"ListItem","position":2,"name":"H\u00f4tels","item":"https:\/\/portblue.wp1.rwdesarrollos.es\/fr\/hotels\/"},{"@type":"ListItem","position":3,"name":"La Quinta Menorca by PortBlue Boutique","item":"https:\/\/portblue.wp1.rwdesarrollos.es\/fr\/hotels\/la-quinta-menorca-by-portblue-boutique\/"},{"@type":"ListItem","position":4,"name":"Chambres","item":"https:\/\/portblue.wp1.rwdesarrollos.es\/fr\/hotels\/la-quinta-menorca-by-portblue-boutique\/chambres\/"},{"@type":"ListItem","position":5,"name":"Double Deluxe Terrasse Jardin"}]},{"@type":"WebSite","@id":"https:\/\/portblue.wp1.rwdesarrollos.es\/fr\/#website","url":"https:\/\/portblue.wp1.rwdesarrollos.es\/fr\/","name":"PortBlue Hotels &amp; Resorts","description":"PortBlue Hotel Group es tu cadena de hoteles boutique en destinos ideales para escapadas y vacaciones.","potentialAction":[{"@type":"SearchAction","target":{"@type":"EntryPoint","urlTemplate":"https:\/\/portblue.wp1.rwdesarrollos.es\/fr\/?s={search_term_string}"},"query-input":{"@type":"PropertyValueSpecification","valueRequired":true,"valueName":"search_term_string"}}],"inLanguage":"fr-FR"}]}},"_links":{"self":[{"href":"https:\/\/portblue.wp1.rwdesarrollos.es\/fr\/wp-json\/wp\/v2\/pages\/39333","targetHints":{"allow":["GET"]}}],"collection":[{"href":"https:\/\/portblue.wp1.rwdesarrollos.es\/fr\/wp-json\/wp\/v2\/pages"}],"about":[{"href":"https:\/\/portblue.wp1.rwdesarrollos.es\/fr\/wp-json\/wp\/v2\/types\/page"}],"author":[{"embeddable":true,"href":"https:\/\/portblue.wp1.rwdesarrollos.es\/fr\/wp-json\/wp\/v2\/users\/13"}],"replies":[{"embeddable":true,"href":"https:\/\/portblue.wp1.rwdesarrollos.es\/fr\/wp-json\/wp\/v2\/comments?post=39333"}],"version-history":[{"count":6,"href":"https:\/\/portblue.wp1.rwdesarrollos.es\/fr\/wp-json\/wp\/v2\/pages\/39333\/revisions"}],"predecessor-version":[{"id":39369,"href":"https:\/\/portblue.wp1.rwdesarrollos.es\/fr\/wp-json\/wp\/v2\/pages\/39333\/revisions\/39369"}],"up":[{"embeddable":true,"href":"https:\/\/portblue.wp1.rwdesarrollos.es\/fr\/wp-json\/wp\/v2\/pages\/10890"}],"wp:attachment":[{"href":"https:\/\/portblue.wp1.rwdesarrollos.es\/fr\/wp-json\/wp\/v2\/media?parent=39333"}],"curies":[{"name":"wp","href":"https:\/\/api.w.org\/{rel}","templated":true}]}}